{"id":1819,"date":"2023-06-15T10:24:56","date_gmt":"2023-06-15T08:24:56","guid":{"rendered":"https:\/\/www.grundschule-hooksiel.de\/wordpress\/?page_id=1819"},"modified":"2023-06-15T16:11:58","modified_gmt":"2023-06-15T14:11:58","slug":"schulleben","status":"publish","type":"page","link":"https:\/\/www.grundschule-hooksiel.de\/wordpress\/schulleben\/","title":{"rendered":"Schulleben"},"content":{"rendered":"\n<div class=\"wp-block-query is-layout-flow wp-block-query-is-layout-flow\"><ul class=\"is-flex-container columns-3 wp-block-post-template is-layout-flow wp-block-post-template-is-layout-flow\"><li class=\"wp-block-post post-2527 post type-post status-publish format-standard has-post-thumbnail hentry category-allgemein nodate item-wrap\">\n\n<div class=\"wp-block-group\" style=\"padding-top:30px;padding-right:30px;padding-bottom:30px;padding-left:30px\"><div class=\"wp-block-group__inner-container is-layout-flow wp-block-group-is-layout-flow\"><h2 class=\"wp-block-post-title\"><a href=\"https:\/\/www.grundschule-hooksiel.de\/wordpress\/2026\/04\/12\/wir-nennen-ihn-nussi\/\" target=\"_self\" >&#8222;Wir nennen ihn Nussi&#8220;<\/a><\/h2>\n\n<div class=\"wp-block-post-excerpt\"><p class=\"wp-block-post-excerpt__excerpt\">Herr Nussbaum hat sich zum Abschied von unserer Schule etwas besonderes einfallen lassen: Er hat der Schule einen h\u00f6lzernen Nussbaum geschenkt. Heute hat die Garten-AG f\u00fcr &#8222;Nuss&#8220; ein sonniges Pl\u00e4tzchen im Schulgarten gefunden. Dort wird er wachsen, Fr\u00fcchte tragen und uns noch lange an Herrn Nussbaum erinnern &#8211; immer ganz nah bei uns. Wir danken&hellip; <\/p><\/div>\n\n<div class=\"wp-block-post-date\"><time datetime=\"2026-04-12T21:15:45+02:00\">12. April 2026<\/time><\/div><\/div><\/div>\n\n<\/li><li class=\"wp-block-post post-2520 post type-post status-publish format-standard has-post-thumbnail hentry category-allgemein nodate item-wrap\">\n\n<div class=\"wp-block-group\" style=\"padding-top:30px;padding-right:30px;padding-bottom:30px;padding-left:30px\"><div class=\"wp-block-group__inner-container is-layout-flow wp-block-group-is-layout-flow\"><h2 class=\"wp-block-post-title\"><a href=\"https:\/\/www.grundschule-hooksiel.de\/wordpress\/2026\/04\/12\/abschied-von-unserem-schulleiter-peter-nussbaum\/\" target=\"_self\" >Abschied von unserem Schulleiter Peter Nussbaum<\/a><\/h2>\n\n<div class=\"wp-block-post-excerpt\"><p class=\"wp-block-post-excerpt__excerpt\">Nun war er da \u2013 der Tag des Abschieds. Nach drei Jahren an der Grundschule Hooksiel verl\u00e4sst unser Schulleiter Peter Nu\u00dfbaum gemeinsam mit seinem Mann Deutschland, um sich neuen Herausforderungen zu stellen. F\u00fcr unsere Schule bedeutet dies einen gro\u00dfen Verlust. Herr Nu\u00dfbaum hat in seiner Zeit bei uns viele wichtige Neuerungen angesto\u00dfen und unserer Schule&hellip; <\/p><\/div>\n\n<div class=\"wp-block-post-date\"><time datetime=\"2026-04-12T21:10:35+02:00\">12. April 2026<\/time><\/div><\/div><\/div>\n\n<\/li><li class=\"wp-block-post post-2506 post type-post status-publish format-standard hentry category-allgemein nodate item-wrap\">\n\n<div class=\"wp-block-group\" style=\"padding-top:30px;padding-right:30px;padding-bottom:30px;padding-left:30px\"><div class=\"wp-block-group__inner-container is-layout-flow wp-block-group-is-layout-flow\"><h2 class=\"wp-block-post-title\"><a href=\"https:\/\/www.grundschule-hooksiel.de\/wordpress\/2026\/04\/08\/projektwoche-zeitreise-an-der-grundschule-hooksiel\/\" target=\"_self\" >Projektwoche \u201eZeitreise\u201c an der Grundschule Hooksiel<\/a><\/h2>\n\n<div class=\"wp-block-post-excerpt\"><p class=\"wp-block-post-excerpt__excerpt\">Eine spannende Reise durch die Zeit erlebten die Kinder der Grundschule Hooksiel w\u00e4hrend der diesj\u00e4hrigen Projektwoche unter dem Motto \u201eZeitreise\u201c. Vier Tage lang \u00f6ffneten die Lehrkr\u00e4fte und Mitarbeiter ihre T\u00fcren und arbeiteten mit klassen\u00fcbergreifenden Gruppen, die zuvor ihre vier Lieblingsprojekte ausw\u00e4hlen durften. Das vielf\u00e4ltige Angebot lie\u00df keine W\u00fcnsche offen: Von Dinosauriern \u00fcber die Steinzeit, die&hellip; <\/p><\/div>\n\n<div class=\"wp-block-post-date\"><time datetime=\"2026-04-08T08:10:14+02:00\">8. April 2026<\/time><\/div><\/div><\/div>\n\n<\/li><li class=\"wp-block-post post-2483 post type-post status-publish format-standard hentry category-allgemein nodate item-wrap\">\n\n<div class=\"wp-block-group\" style=\"padding-top:30px;padding-right:30px;padding-bottom:30px;padding-left:30px\"><div class=\"wp-block-group__inner-container is-layout-flow wp-block-group-is-layout-flow\"><h2 class=\"wp-block-post-title\"><a href=\"https:\/\/www.grundschule-hooksiel.de\/wordpress\/2026\/02\/18\/bunte-karnevalsparty-an-der-grundschule-hooksiel\/\" target=\"_self\" >Bunte Karnevalsparty an der Grundschule Hooksiel<\/a><\/h2>\n\n<div class=\"wp-block-post-excerpt\"><p class=\"wp-block-post-excerpt__excerpt\">Am Rosenmontag herrschte in der Grundschule Hooksiel einmal wieder Ausnahmezustand \u2013 im allerbesten Sinne! Die gesamte Schule war au\u00dfer Rand und Band und feierte gemeinsam ein fr\u00f6hliches, kunterbuntes Karnevalsfest. Schon am Morgen str\u00f6mten Prinzessinnen, Superhelden, Tiere und viele weitere fantasievolle Gestalten durch die Flure und sorgten f\u00fcr eine gro\u00dfartige Stimmung. In fast jedem Klassenraum wartete&hellip; <\/p><\/div>\n\n<div class=\"wp-block-post-date\"><time datetime=\"2026-02-18T13:04:16+01:00\">18. Februar 2026<\/time><\/div><\/div><\/div>\n\n<\/li><li class=\"wp-block-post post-2470 post type-post status-publish format-standard has-post-thumbnail hentry category-allgemein nodate item-wrap\">\n\n<div class=\"wp-block-group\" style=\"padding-top:30px;padding-right:30px;padding-bottom:30px;padding-left:30px\"><div class=\"wp-block-group__inner-container is-layout-flow wp-block-group-is-layout-flow\"><h2 class=\"wp-block-post-title\"><a href=\"https:\/\/www.grundschule-hooksiel.de\/wordpress\/2026\/02\/04\/feierliche-eroeffnung-unseres-neuen-snoezelraums\/\" target=\"_self\" >Feierliche Er\u00f6ffnung unseres neuen Snoezelraums<\/a><\/h2>\n\n<div class=\"wp-block-post-excerpt\"><p class=\"wp-block-post-excerpt__excerpt\">Heute war ein ganz besonderer Tag f\u00fcr unsere Schule: Unser neuer Snoezelraum wurde feierlich er\u00f6ffnet! Zu diesem Anlass versammelten sich die Klassensprecherinnen und Klassensprecher aller Klassen, unser Schulleiter Herr Nussbaum sowie die Lehrkr\u00e4fte Herr Alker und Frau Giersdorf. Ein besonderes Highlight war das Durchschneiden der Er\u00f6ffnungsschleife durch Kete aus Klasse 1a, die stellvertretend f\u00fcr alle&hellip; <\/p><\/div>\n\n<div class=\"wp-block-post-date\"><time datetime=\"2026-02-04T11:43:31+01:00\">4. Februar 2026<\/time><\/div><\/div><\/div>\n\n<\/li><li class=\"wp-block-post post-2457 post type-post status-publish format-standard has-post-thumbnail hentry category-allgemein nodate item-wrap\">\n\n<div class=\"wp-block-group\" style=\"padding-top:30px;padding-right:30px;padding-bottom:30px;padding-left:30px\"><div class=\"wp-block-group__inner-container is-layout-flow wp-block-group-is-layout-flow\"><h2 class=\"wp-block-post-title\"><a href=\"https:\/\/www.grundschule-hooksiel.de\/wordpress\/2026\/01\/12\/weihnachtsgottesdienst-in-st-ansgar\/\" target=\"_self\" >Weihnachtsgottesdienst in St. Ansgar<\/a><\/h2>\n\n<div class=\"wp-block-post-excerpt\"><p class=\"wp-block-post-excerpt__excerpt\">Mit der gesamten Schulgemeinschaft nahm die Grundschule Hooksiel in diesem Jahr am festlichen Weihnachtsgottesdienst in der katholischen Kirche St. Ansgar teil. Pastor Lars Bratke f\u00fchrte kindgerecht und herzlich durch den Gottesdienst und schuf eine besinnliche Atmosph\u00e4re f\u00fcr Gro\u00df und Klein. Die Kinder durften den Gottesdienst aktiv mitgestalten: Sie z\u00fcndeten Kerzen an, schrieben ihre Weihnachtsw\u00fcnsche auf&hellip; <\/p><\/div>\n\n<div class=\"wp-block-post-date\"><time datetime=\"2026-01-12T11:20:26+01:00\">12. Januar 2026<\/time><\/div><\/div><\/div>\n\n<\/li><li class=\"wp-block-post post-2443 post type-post status-publish format-standard has-post-thumbnail hentry category-allgemein nodate item-wrap\">\n\n<div class=\"wp-block-group\" style=\"padding-top:30px;padding-right:30px;padding-bottom:30px;padding-left:30px\"><div class=\"wp-block-group__inner-container is-layout-flow wp-block-group-is-layout-flow\"><h2 class=\"wp-block-post-title\"><a href=\"https:\/\/www.grundschule-hooksiel.de\/wordpress\/2025\/12\/16\/weihnachtsmarkt-am-vormittag-ein-stimmungsvoller-schulvormittag-in-der-grundschule-hooksiel\/\" target=\"_self\" >Weihnachtsmarkt am Vormittag \u2013 ein stimmungsvoller Schulvormittag in der Grundschule Hooksiel<\/a><\/h2>\n\n<div class=\"wp-block-post-excerpt\"><p class=\"wp-block-post-excerpt__excerpt\">In diesem Jahr fand der Weihnachtsmarkt der Grundschule Hooksiel ausnahmsweise am Vormittag statt. Nachdem alle Klassen die ersten beiden Unterrichtsstunden gemeinsam mit ihren Klassenlehrkr\u00e4ften verbracht hatten, \u00f6ffneten sich in der dritten und vierten Stunde die T\u00fcren zu einem ganz besonderen Schulvormittag: Unser Weihnachtsmarkt, der urspr\u00fcnglich f\u00fcr den Nachmittag geplant war, verwandelte das gesamte Geb\u00e4ude in&hellip; <\/p><\/div>\n\n<div class=\"wp-block-post-date\"><time datetime=\"2025-12-16T07:48:36+01:00\">16. Dezember 2025<\/time><\/div><\/div><\/div>\n\n<\/li><li class=\"wp-block-post post-2437 post type-post status-publish format-standard has-post-thumbnail hentry category-allgemein nodate item-wrap\">\n\n<div class=\"wp-block-group\" style=\"padding-top:30px;padding-right:30px;padding-bottom:30px;padding-left:30px\"><div class=\"wp-block-group__inner-container is-layout-flow wp-block-group-is-layout-flow\"><h2 class=\"wp-block-post-title\"><a href=\"https:\/\/www.grundschule-hooksiel.de\/wordpress\/2025\/12\/08\/gespensterjaeger-auf-eisiger-spur\/\" target=\"_self\" >\u201eGespensterj\u00e4ger auf eisiger Spur\u201c<\/a><\/h2>\n\n<div class=\"wp-block-post-excerpt\"><p class=\"wp-block-post-excerpt__excerpt\">Mit allen sieben Klassen und drei Bussen machte sich die Grundschule Hooksiel am Mittwoch auf den Weg nach Jever, um im Theater am Dannhalm die Auff\u00fchrung des Weihnachtsst\u00fccks \u201eGespensterj\u00e4ger auf eisiger Spur\u201c zu erleben. Das diesj\u00e4hrige Weihnachtsst\u00fcck, inszeniert von der Jungen Landesb\u00fchne unter der Gastregie von Nicole Erbe, entf\u00fchrte die Kinder in eine spannende und&hellip; <\/p><\/div>\n\n<div class=\"wp-block-post-date\"><time datetime=\"2025-12-08T17:46:08+01:00\">8. Dezember 2025<\/time><\/div><\/div><\/div>\n\n<\/li><li class=\"wp-block-post post-2422 post type-post status-publish format-standard has-post-thumbnail hentry category-allgemein nodate item-wrap\">\n\n<div class=\"wp-block-group\" style=\"padding-top:30px;padding-right:30px;padding-bottom:30px;padding-left:30px\"><div class=\"wp-block-group__inner-container is-layout-flow wp-block-group-is-layout-flow\"><h2 class=\"wp-block-post-title\"><a href=\"https:\/\/www.grundschule-hooksiel.de\/wordpress\/2025\/11\/26\/vorlesetag-2025-an-der-grundschule-hochsiel-ein-tag-voller-geschichten\/\" target=\"_self\" >Vorlesetag 2025 an der Grundschule Hochsiel \u2013 Ein Tag voller Geschichten<\/a><\/h2>\n\n<div class=\"wp-block-post-excerpt\"><p class=\"wp-block-post-excerpt__excerpt\">Am diesj\u00e4hrigen deutschlandweiten Vorlesetag verwandelte sich die Grundschule Hooksiel erneut in ein Haus voller Geschichten, spannender Figuren und neugieriger Zuh\u00f6rer. Ein besonderes Highlight war der Besuch der Autorin Bettina G\u00f6schel, die den Kindern aus ihren eigenen B\u00fcchern vorlas und sie mitnahm in die fantasievollen Welten ihrer Geschichten. Doch auch viele weitere B\u00fccher fanden an diesem&hellip; <\/p><\/div>\n\n<div class=\"wp-block-post-date\"><time datetime=\"2025-11-26T09:49:01+01:00\">26. November 2025<\/time><\/div><\/div><\/div>\n\n<\/li><li class=\"wp-block-post post-2406 post type-post status-publish format-standard has-post-thumbnail hentry category-allgemein nodate item-wrap\">\n\n<div class=\"wp-block-group\" style=\"padding-top:30px;padding-right:30px;padding-bottom:30px;padding-left:30px\"><div class=\"wp-block-group__inner-container is-layout-flow wp-block-group-is-layout-flow\"><h2 class=\"wp-block-post-title\"><a href=\"https:\/\/www.grundschule-hooksiel.de\/wordpress\/2025\/10\/27\/abschiedsgottesdienst-von-pastor-gruenefeld-zum-erntedankfest\/\" target=\"_self\" >Abschiedsgottesdienst von Pastor Gr\u00fcnefeld zum Erntedankfest<\/a><\/h2>\n\n<div class=\"wp-block-post-excerpt\"><p class=\"wp-block-post-excerpt__excerpt\">Am vergangenen Freitag feierten die Sch\u00fclerinnen und Sch\u00fcler der Grundschule gemeinsam mit Pastor Gr\u00fcnefeld seinen letzten Schulgottesdienst als Gemeindepastor Hooksiels auf dem Bauernhof der Familie Hobby. Im Mittelpunkt des Erntedankgottesdienstes stand ein gro\u00dfer Koffer, gef\u00fcllt mit vielen Gaben \u2013 Nahrungsmitteln, die uns t\u00e4glich n\u00e4hren und f\u00fcr die wir dankbar sein d\u00fcrfen. Pastor Gr\u00fcnefeld sprach mit&hellip; <\/p><\/div>\n\n<div class=\"wp-block-post-date\"><time datetime=\"2025-10-27T14:42:13+01:00\">27. Oktober 2025<\/time><\/div><\/div><\/div>\n\n<\/li><li class=\"wp-block-post post-2391 post type-post status-publish format-standard hentry category-allgemein nodate item-wrap\">\n\n<div class=\"wp-block-group\" style=\"padding-top:30px;padding-right:30px;padding-bottom:30px;padding-left:30px\"><div class=\"wp-block-group__inner-container is-layout-flow wp-block-group-is-layout-flow\"><h2 class=\"wp-block-post-title\"><a href=\"https:\/\/www.grundschule-hooksiel.de\/wordpress\/2025\/10\/10\/kuerbisaktion-an-der-grundschule-hooksiel\/\" target=\"_self\" >K\u00fcrbisaktion an der Grundschule Hooksiel<\/a><\/h2>\n\n<div class=\"wp-block-post-excerpt\"><p class=\"wp-block-post-excerpt__excerpt\">In den Tagen vor den Herbstferien war an der Grundschule Hooksiel eifriges Werkeln und Lachen zu h\u00f6ren \u2013 denn alle sieben Klassen waren mit gro\u00dfem Eifer dabei, insgesamt 55 K\u00fcrbisse in echte Kunstwerke zu verwandeln! Mit viel Fantasie, Teamarbeit und jeder Menge Spa\u00df entstanden gruselige, witzige und kreative Fratzenk\u00f6pfe, die nun das Dorf und die&hellip; <\/p><\/div>\n\n<div class=\"wp-block-post-date\"><time datetime=\"2025-10-10T08:39:56+02:00\">10. Oktober 2025<\/time><\/div><\/div><\/div>\n\n<\/li><li class=\"wp-block-post post-2384 post type-post status-publish format-standard hentry category-allgemein nodate item-wrap\">\n\n<div class=\"wp-block-group\" style=\"padding-top:30px;padding-right:30px;padding-bottom:30px;padding-left:30px\"><div class=\"wp-block-group__inner-container is-layout-flow wp-block-group-is-layout-flow\"><h2 class=\"wp-block-post-title\"><a href=\"https:\/\/www.grundschule-hooksiel.de\/wordpress\/2025\/10\/08\/letztes-schulschwimmen-im-hallenwellenbad-hooksiel\/\" target=\"_self\" >Letztes Schulschwimmen im Hallenwellenbad Hooksiel<\/a><\/h2>\n\n<div class=\"wp-block-post-excerpt\"><p class=\"wp-block-post-excerpt__excerpt\">Ein St\u00fcck Schulgeschichte geht zu Ende: Die beiden vierten Klassen der Grundschule Hooksiel mit ihren Lehrkr\u00e4ften Herrn Alker und Frau Giersdorf waren heute voraussichtlich zum letzten Mal zum Schulschwimmen im Hallenwellenbad Hooksiel. Da das Bad am 15. Oktober aus den bekannten Gr\u00fcnden geschlossen wird, kann der Schwimmunterricht dort k\u00fcnftig leider nicht mehr stattfinden. Die Schulleitung&hellip; <\/p><\/div>\n\n<div class=\"wp-block-post-date\"><time datetime=\"2025-10-08T12:57:28+02:00\">8. Oktober 2025<\/time><\/div><\/div><\/div>\n\n<\/li><li class=\"wp-block-post post-2371 post type-post status-publish format-standard hentry category-allgemein nodate item-wrap\">\n\n<div class=\"wp-block-group\" style=\"padding-top:30px;padding-right:30px;padding-bottom:30px;padding-left:30px\"><div class=\"wp-block-group__inner-container is-layout-flow wp-block-group-is-layout-flow\"><h2 class=\"wp-block-post-title\"><a href=\"https:\/\/www.grundschule-hooksiel.de\/wordpress\/2025\/09\/26\/klassenfahrt-der-viertklaessler-zur-jugendherberge-thuelsfelder-talsperre\/\" target=\"_self\" >Klassenfahrt der Viertkl\u00e4ssler zur Jugendherberge Th\u00fclsfelder Talsperre<\/a><\/h2>\n\n<div class=\"wp-block-post-excerpt\"><p class=\"wp-block-post-excerpt__excerpt\">Vom 8.09.- 12.09.25 machten sich die beiden vierten Klassen unserer Grundschule mit ihren Klassenlehrern Ute Leiner und Marvin Alker auf den Weg nach Th\u00fclsfelde zur Jugendherberge. Nach einem Eingew\u00f6hnungstag mit einer Rallye durch die Umgebung der Herberge fanden vielf\u00e4ltige Aktionen statt: Im Kletterwald Nord wagten sich die Kinder in unbekannte H\u00f6hen, am n\u00e4chsten Tag besuchten&hellip; <\/p><\/div>\n\n<div class=\"wp-block-post-date\"><time datetime=\"2025-09-26T10:27:45+02:00\">26. September 2025<\/time><\/div><\/div><\/div>\n\n<\/li><li class=\"wp-block-post post-2357 post type-post status-publish format-standard has-post-thumbnail hentry category-allgemein nodate item-wrap\">\n\n<div class=\"wp-block-group\" style=\"padding-top:30px;padding-right:30px;padding-bottom:30px;padding-left:30px\"><div class=\"wp-block-group__inner-container is-layout-flow wp-block-group-is-layout-flow\"><h2 class=\"wp-block-post-title\"><a href=\"https:\/\/www.grundschule-hooksiel.de\/wordpress\/2025\/09\/22\/ausflug-der-dritten-klassen-nach-schillig\/\" target=\"_self\" >Ausflug der dritten Klassen nach Schillig<\/a><\/h2>\n\n<div class=\"wp-block-post-excerpt\"><p class=\"wp-block-post-excerpt__excerpt\">Die Kinder der beiden dritten Klassen freuten sich schon lange auf ihren Ausflug, der eigentlich noch vor den Sommerferien stattfinden sollte. Da die kleine Bimmelbahn damals kaputt war, musste die Fahrt verschoben werden \u2013 umso gr\u00f6\u00dfer war jetzt die Vorfreude. Wir hatten gro\u00dfes Gl\u00fcck mit dem Wetter: W\u00e4hrend unseres Klassenausflugs schien die Sonne vom blauen&hellip; <\/p><\/div>\n\n<div class=\"wp-block-post-date\"><time datetime=\"2025-09-22T08:02:55+02:00\">22. September 2025<\/time><\/div><\/div><\/div>\n\n<\/li><li class=\"wp-block-post post-2352 post type-post status-publish format-standard has-post-thumbnail hentry category-allgemein nodate item-wrap\">\n\n<div class=\"wp-block-group\" style=\"padding-top:30px;padding-right:30px;padding-bottom:30px;padding-left:30px\"><div class=\"wp-block-group__inner-container is-layout-flow wp-block-group-is-layout-flow\"><h2 class=\"wp-block-post-title\"><a href=\"https:\/\/www.grundschule-hooksiel.de\/wordpress\/2025\/09\/15\/gesundheitsamt-jever-zu-besuch-in-der-grundschule\/\" target=\"_self\" >Gesundheitsamt Jever zu Besuch in der Grundschule<\/a><\/h2>\n\n<div class=\"wp-block-post-excerpt\"><p class=\"wp-block-post-excerpt__excerpt\">Auch in diesem Schuljahr waren wieder regelm\u00e4\u00dfige Besucherinnen vom Gesundheitsamt Jever an unserer Schule. Eine Zahn\u00e4rztin und eine Zahnarztprophylaxehelferin besuchten alle Klassen und erkl\u00e4rten den Kindern auf anschauliche Weise, wie wichtig richtige Zahnpflege ist. Die Sch\u00fclerinnen und Sch\u00fcler der 1. Klasse konnten dabei auf ihr Wissen aus dem Kindergarten zur\u00fcckgreifen und beantworteten viele Fragen sicher:&hellip; <\/p><\/div>\n\n<div class=\"wp-block-post-date\"><time datetime=\"2025-09-15T15:06:37+02:00\">15. September 2025<\/time><\/div><\/div><\/div>\n\n<\/li><li class=\"wp-block-post post-2346 post type-post status-publish format-standard has-post-thumbnail hentry category-allgemein nodate item-wrap\">\n\n<div class=\"wp-block-group\" style=\"padding-top:30px;padding-right:30px;padding-bottom:30px;padding-left:30px\"><div class=\"wp-block-group__inner-container is-layout-flow wp-block-group-is-layout-flow\"><h2 class=\"wp-block-post-title\"><a href=\"https:\/\/www.grundschule-hooksiel.de\/wordpress\/2025\/09\/15\/abschied-von-unserem-bufdi-erik-kruse\/\" target=\"_self\" >Abschied von unserem Bufdi Erik Kruse<\/a><\/h2>\n\n<div class=\"wp-block-post-excerpt\"><p class=\"wp-block-post-excerpt__excerpt\">Mit einem fr\u00f6hlichen, aber auch bewegenden Abschied haben wir uns von unserem Bufdi Erik Kruse verabschiedet. Ein Jahr lang war er an unserer Grundschule im Einsatz und hat uns in vielen Bereichen tatkr\u00e4ftig unterst\u00fctzt. Ob beim Obstschneiden, Pflasterkleben, Fu\u00dfballspielen auf dem Schulhof, beim Spa\u00dfmachen oder bei den Hausaufgaben \u2013 Erik war immer f\u00fcr die Kinder&hellip; <\/p><\/div>\n\n<div class=\"wp-block-post-date\"><time datetime=\"2025-09-15T15:05:14+02:00\">15. September 2025<\/time><\/div><\/div><\/div>\n\n<\/li><li class=\"wp-block-post post-2335 post type-post status-publish format-standard has-post-thumbnail hentry category-allgemein nodate item-wrap\">\n\n<div class=\"wp-block-group\" style=\"padding-top:30px;padding-right:30px;padding-bottom:30px;padding-left:30px\"><div class=\"wp-block-group__inner-container is-layout-flow wp-block-group-is-layout-flow\"><h2 class=\"wp-block-post-title\"><a href=\"https:\/\/www.grundschule-hooksiel.de\/wordpress\/2025\/09\/02\/feierliche-ernennung-von-herrn-alker-zum-beamten-auf-lebenszeit\/\" target=\"_self\" >Feierliche Ernennung von Herrn Alker zum Beamten auf Lebenszeit<\/a><\/h2>\n\n<div class=\"wp-block-post-excerpt\"><p class=\"wp-block-post-excerpt__excerpt\">Unser Kollege Marvin Alker, der nun bereits im vierten Jahr an der Grundschule Hooksiel als gesch\u00e4tzter Kollege t\u00e4tig ist, wurde feierlich von Schulleiter Herrn Nu\u00dfbaum zu seinem Beamtenstatus auf Lebenszeit begl\u00fcckw\u00fcnscht. Alle Kolleginnen und Kollegen freuten sich sehr \u00fcber dieses besondere Ereignis und feierten gemeinsam mit Herrn Alker. Wir gratulieren ihm herzlich und w\u00fcnschen ihm&hellip; <\/p><\/div>\n\n<div class=\"wp-block-post-date\"><time datetime=\"2025-09-02T21:43:04+02:00\">2. September 2025<\/time><\/div><\/div><\/div>\n\n<\/li><li class=\"wp-block-post post-2329 post type-post status-publish format-standard has-post-thumbnail hentry category-allgemein nodate item-wrap\">\n\n<div class=\"wp-block-group\" style=\"padding-top:30px;padding-right:30px;padding-bottom:30px;padding-left:30px\"><div class=\"wp-block-group__inner-container is-layout-flow wp-block-group-is-layout-flow\"><h2 class=\"wp-block-post-title\"><a href=\"https:\/\/www.grundschule-hooksiel.de\/wordpress\/2025\/09\/02\/einschulung-an-der-grundschule-hooksiel\/\" target=\"_self\" >Einschulung an der Grundschule Hooksiel<\/a><\/h2>\n\n<div class=\"wp-block-post-excerpt\"><p class=\"wp-block-post-excerpt__excerpt\">Am vergangenen Freitag wurden 23 neue Erstkl\u00e4ssler feierlich in die Grundschule Hooksiel aufgenommen. Nach der Begr\u00fc\u00dfung durch Schulleiter Herrn Nu\u00dfbaum, der Eltern, Verwandte, Mitarbeiter und die neuen Sch\u00fclerinnen und Sch\u00fcler herzlich willkommen hie\u00df, pr\u00e4sentierten die Kinder der beiden zweiten Klassen ein fr\u00f6hliches Begr\u00fc\u00dfungslied. Wie in jedem Jahr sprach Herr Nu\u00dfbaum mit einigen der neuen Schulkinder&hellip; <\/p><\/div>\n\n<div class=\"wp-block-post-date\"><time datetime=\"2025-09-02T21:42:02+02:00\">2. September 2025<\/time><\/div><\/div><\/div>\n\n<\/li><li class=\"wp-block-post post-2322 post type-post status-publish format-standard has-post-thumbnail hentry category-allgemein nodate item-wrap\">\n\n<div class=\"wp-block-group\" style=\"padding-top:30px;padding-right:30px;padding-bottom:30px;padding-left:30px\"><div class=\"wp-block-group__inner-container is-layout-flow wp-block-group-is-layout-flow\"><h2 class=\"wp-block-post-title\"><a href=\"https:\/\/www.grundschule-hooksiel.de\/wordpress\/2025\/09\/02\/erste-hilfe-am-kind\/\" target=\"_self\" >Erste Hilfe am Kind<\/a><\/h2>\n\n<div class=\"wp-block-post-excerpt\"><p class=\"wp-block-post-excerpt__excerpt\">In der letzten Ferienwoche nutzen die Lehrkr\u00e4fte und Mitarbeiter unserer Grundschule die Zeit, um ihr Wissen in Erster Hilfe am Kind aufzufrischen. Unter der fachkundigen Anleitung von Marcel Planteur von der Johanniter Unfallhilfe wurde ein ganzt\u00e4giger Kurs durchgef\u00fchrt, der nicht nur lehrreich, sondern auch sehr unterhaltsam und informativ war. Die Teilnehmenden hatten reichlich Gelegenheit, das&hellip; <\/p><\/div>\n\n<div class=\"wp-block-post-date\"><time datetime=\"2025-09-02T21:40:30+02:00\">2. September 2025<\/time><\/div><\/div><\/div>\n\n<\/li><li class=\"wp-block-post post-2301 post type-post status-publish format-standard has-post-thumbnail hentry category-allgemein nodate item-wrap\">\n\n<div class=\"wp-block-group\" style=\"padding-top:30px;padding-right:30px;padding-bottom:30px;padding-left:30px\"><div class=\"wp-block-group__inner-container is-layout-flow wp-block-group-is-layout-flow\"><h2 class=\"wp-block-post-title\"><a href=\"https:\/\/www.grundschule-hooksiel.de\/wordpress\/2025\/06\/30\/ein-unvergesslicher-klassenausflug-der-2a-auf-den-bauernhof\/\" target=\"_self\" >Ein unvergesslicher Klassenausflug der 2a auf den Bauernhof<\/a><\/h2>\n\n<div class=\"wp-block-post-excerpt\"><p class=\"wp-block-post-excerpt__excerpt\">Ein Tag voller neuer Eindr\u00fccke, spannender Erlebnisse und ganz viel Freude \u2013 so l\u00e4sst sich der Klassenausflug der Klasse 2a auf den Bauernhof der Familie Schemering nach Gro\u00df Str\u00fcckhausen wohl am besten beschreiben. Mit gro\u00dfer Unterst\u00fctzung einiger Eltern, die den Transport der Kinder \u00fcbernahmen, machte sich die Klasse auf den Weg, um das Leben auf&hellip; <\/p><\/div>\n\n<div class=\"wp-block-post-date\"><time datetime=\"2025-06-30T07:52:18+02:00\">30. Juni 2025<\/time><\/div><\/div><\/div>\n\n<\/li><li class=\"wp-block-post post-2286 post type-post status-publish format-standard has-post-thumbnail hentry category-allgemein nodate item-wrap\">\n\n<div class=\"wp-block-group\" style=\"padding-top:30px;padding-right:30px;padding-bottom:30px;padding-left:30px\"><div class=\"wp-block-group__inner-container is-layout-flow wp-block-group-is-layout-flow\"><h2 class=\"wp-block-post-title\"><a href=\"https:\/\/www.grundschule-hooksiel.de\/wordpress\/2025\/06\/17\/sportfest-bei-sonnenschein-ein-rundum-gelungener-tag\/\" target=\"_self\" >Sportfest bei Sonnenschein \u2013 Ein rundum gelungener Tag!<\/a><\/h2>\n\n<div class=\"wp-block-post-excerpt\"><p class=\"wp-block-post-excerpt__excerpt\">Bei strahlendem Sommerwetter fand am Freitag unser Sportfest statt \u2013 ein Tag voller Bewegung, Freude und Gemeinschaft f\u00fcr die ganze Grundschule Hooksiel. Vom Erstkl\u00e4ssler bis zum Viertkl\u00e4ssler waren alle Kinder mit Begeisterung dabei und zeigten vollen Einsatz an den verschiedenen Stationen. Wendesprint, Schlagwurf, Hoch- und Weitsprung sowie der Transportlauf standen auf dem sportlichen Programm. Die&hellip; <\/p><\/div>\n\n<div class=\"wp-block-post-date\"><time datetime=\"2025-06-17T21:50:53+02:00\">17. Juni 2025<\/time><\/div><\/div><\/div>\n\n<\/li><li class=\"wp-block-post post-2271 post type-post status-publish format-standard has-post-thumbnail hentry category-allgemein nodate item-wrap\">\n\n<div class=\"wp-block-group\" style=\"padding-top:30px;padding-right:30px;padding-bottom:30px;padding-left:30px\"><div class=\"wp-block-group__inner-container is-layout-flow wp-block-group-is-layout-flow\"><h2 class=\"wp-block-post-title\"><a href=\"https:\/\/www.grundschule-hooksiel.de\/wordpress\/2025\/05\/06\/eine-reise-um-die-welt-projektwoche-vor-den-osterferien\/\" target=\"_self\" >Eine Reise um die Welt \u2013 Projektwoche vor den Osterferien<\/a><\/h2>\n\n<div class=\"wp-block-post-excerpt\"><p class=\"wp-block-post-excerpt__excerpt\">In der letzten Woche vor den Osterferien verwandelte sich unsere Grundschule Hooksiel in einen lebendigen Flughafen: Vier Tage lang gingen unsere Sch\u00fclerinnen und Sch\u00fcler auf eine spannende Weltreise \u2013 voller neuer Eindr\u00fccke, Begegnungen und Entdeckungen! Mit einem eigenen &#8222;Reisepass&#8220; in der Hand durften die Kinder t\u00e4glich ein neues Land besuchen. Zur Auswahl standen neun faszinierende&hellip; <\/p><\/div>\n\n<div class=\"wp-block-post-date\"><time datetime=\"2025-05-06T17:58:47+02:00\">6. Mai 2025<\/time><\/div><\/div><\/div>\n\n<\/li><li class=\"wp-block-post post-2261 post type-post status-publish format-standard has-post-thumbnail hentry category-allgemein nodate item-wrap\">\n\n<div class=\"wp-block-group\" style=\"padding-top:30px;padding-right:30px;padding-bottom:30px;padding-left:30px\"><div class=\"wp-block-group__inner-container is-layout-flow wp-block-group-is-layout-flow\"><h2 class=\"wp-block-post-title\"><a href=\"https:\/\/www.grundschule-hooksiel.de\/wordpress\/2025\/03\/17\/johanna-steinbicker-willkommen-als-vollzeitlehrerin-an-der-grundschule-hooksiel\/\" target=\"_self\" >Johanna Steinbicker: Willkommen als Vollzeitlehrerin an der Grundschule Hooksiel!<\/a><\/h2>\n\n<div class=\"wp-block-post-excerpt\"><p class=\"wp-block-post-excerpt__excerpt\">Die Grundschule Hooksiel freut sich, Johanna Steinbicker nach ihrem erfolgreich abgeschlossenen Referendariat nun als Vollzeitlehrerin im Team begr\u00fc\u00dfen zu d\u00fcrfen! Mit ihrer herzlichen Art und ihrem gro\u00dfen Engagement bleibt sie der Schule erhalten \u2013 sehr zur Freude aller Kinder und des Kollegiums. Frau Steinbicker \u00fcbernimmt ab sofort die erste Klasse als Klassenlehrerin und wird ihre&hellip; <\/p><\/div>\n\n<div class=\"wp-block-post-date\"><time datetime=\"2025-03-17T14:56:03+01:00\">17. M\u00e4rz 2025<\/time><\/div><\/div><\/div>\n\n<\/li><li class=\"wp-block-post post-2258 post type-post status-publish format-standard has-post-thumbnail hentry category-allgemein nodate item-wrap\">\n\n<div class=\"wp-block-group\" style=\"padding-top:30px;padding-right:30px;padding-bottom:30px;padding-left:30px\"><div class=\"wp-block-group__inner-container is-layout-flow wp-block-group-is-layout-flow\"><h2 class=\"wp-block-post-title\"><a href=\"https:\/\/www.grundschule-hooksiel.de\/wordpress\/2025\/03\/17\/willkommen-an-unserer-schule-dennis-remmers-verstaerkt-das-team\/\" target=\"_self\" >Willkommen an unserer Schule: Dennis Remmers verst\u00e4rkt das Team!<\/a><\/h2>\n\n<div class=\"wp-block-post-excerpt\"><p class=\"wp-block-post-excerpt__excerpt\">Das Kollegium der Grundschule Hooksiel freut sich \u00fcber Verst\u00e4rkung: Dennis Remmers erg\u00e4nzt ab sofort unser Team und wird unsere Sch\u00fclerinnen und Sch\u00fcler tatkr\u00e4ftig unterst\u00fctzen.Zun\u00e4chst war er an der Grundschule in Voslapp und nun an unserer Grundschule \u2013 eine Gelegenheit, die er mit gro\u00dfer Freude wahrnimmt. Zumal er selbst einst Grundsch\u00fcler in unserem Hause war. \u201eIch&hellip; <\/p><\/div>\n\n<div class=\"wp-block-post-date\"><time datetime=\"2025-03-17T14:54:31+01:00\">17. M\u00e4rz 2025<\/time><\/div><\/div><\/div>\n\n<\/li><li class=\"wp-block-post post-2250 post type-post status-publish format-standard has-post-thumbnail hentry category-allgemein nodate item-wrap\">\n\n<div class=\"wp-block-group\" style=\"padding-top:30px;padding-right:30px;padding-bottom:30px;padding-left:30px\"><div class=\"wp-block-group__inner-container is-layout-flow wp-block-group-is-layout-flow\"><h2 class=\"wp-block-post-title\"><a href=\"https:\/\/www.grundschule-hooksiel.de\/wordpress\/2025\/03\/17\/fruehjahrsputz-in-hooksiel-grundschueler-trotzen-der-kaelte-fuer-eine-saubere-umwelt\/\" target=\"_self\" >Fr\u00fchjahrsputz in Hooksiel: Grundsch\u00fcler trotzen der K\u00e4lte f\u00fcr eine saubere Umwelt<\/a><\/h2>\n\n<div class=\"wp-block-post-excerpt\"><p class=\"wp-block-post-excerpt__excerpt\">Auch in diesem Jahr beteiligten sich alle Klassen der Grundschule Hooksiel an der allj\u00e4hrlichen Fr\u00fchjahrsputzaktion der Gemeinde Wangerland. Trotz eisiger Temperaturen um nur 1 \u00b0C zogen die Sch\u00fclerinnen und Sch\u00fcler hochmotiviert durch die Stra\u00dfen, Gr\u00fcnfl\u00e4chen,Spielpl\u00e4tze und an den Hafen, um achtlos weggeworfenen M\u00fcll einzusammeln. Mit Handschuhen, Greifern und M\u00fclls\u00e4cken ausgestattet, b\u00fcckten sie sich nach jedem&hellip; <\/p><\/div>\n\n<div class=\"wp-block-post-date\"><time datetime=\"2025-03-17T14:50:19+01:00\">17. M\u00e4rz 2025<\/time><\/div><\/div><\/div>\n\n<\/li><li class=\"wp-block-post post-2238 post type-post status-publish format-standard has-post-thumbnail hentry category-allgemein nodate item-wrap\">\n\n<div class=\"wp-block-group\" style=\"padding-top:30px;padding-right:30px;padding-bottom:30px;padding-left:30px\"><div class=\"wp-block-group__inner-container is-layout-flow wp-block-group-is-layout-flow\"><h2 class=\"wp-block-post-title\"><a href=\"https:\/\/www.grundschule-hooksiel.de\/wordpress\/2025\/02\/24\/ein-funkelndes-geburtstagsfest-fuer-herrn-alker\/\" target=\"_self\" >Ein funkelndes Geburtstagsfest f\u00fcr Herrn Alker<\/a><\/h2>\n\n<div class=\"wp-block-post-excerpt\"><p class=\"wp-block-post-excerpt__excerpt\">Ein ganz besonderer Tag f\u00fcr unseren Lehrer Herr Alker: Er feierte seinen 30. Geburtstag und nat\u00fcrlich wollten ihn die Kinder der Grundschule mit einer \u00dcberraschung begeistern! Als Herr Alker nichtsahnend die Turnhalle betrat, wurde er von einem schillernden Regen aus Glitzer und Kronkorken empfangen. Ein Meer aus funkelnden Partikeln bedeckte den Boden, und die Kinder&hellip; <\/p><\/div>\n\n<div class=\"wp-block-post-date\"><time datetime=\"2025-02-24T17:01:46+01:00\">24. Februar 2025<\/time><\/div><\/div><\/div>\n\n<\/li><li class=\"wp-block-post post-2230 post type-post status-publish format-standard has-post-thumbnail hentry category-allgemein nodate item-wrap\">\n\n<div class=\"wp-block-group\" style=\"padding-top:30px;padding-right:30px;padding-bottom:30px;padding-left:30px\"><div class=\"wp-block-group__inner-container is-layout-flow wp-block-group-is-layout-flow\"><h2 class=\"wp-block-post-title\"><a href=\"https:\/\/www.grundschule-hooksiel.de\/wordpress\/2025\/02\/09\/unsere-haustier-ag-tiere-hautnah-erleben\/\" target=\"_self\" >Unsere Haustier-AG \u2013 Tiere hautnah erleben<\/a><\/h2>\n\n<div class=\"wp-block-post-excerpt\"><p class=\"wp-block-post-excerpt__excerpt\">In unserer Haustier-AG konnten die Kinder verschiedene Haustiere nicht nur kennenlernen, sondern auch hautnah erleben. Neben spannenden Informationen \u00fcber unter anderem Meerschweinchen, Zwergkaninchen, Katzen und Hunden hatten wir sogar tierischen Besuch in der Schule: Die Kinder durften die Tiere beobachten, streicheln und mehr \u00fcber ihren Umgang erfahren. Zum kr\u00f6nenden Abschluss machten wir einen Ausflug zum&hellip; <\/p><\/div>\n\n<div class=\"wp-block-post-date\"><time datetime=\"2025-02-09T09:00:25+01:00\">9. Februar 2025<\/time><\/div><\/div><\/div>\n\n<\/li><li class=\"wp-block-post post-2223 post type-post status-publish format-standard has-post-thumbnail hentry category-allgemein nodate item-wrap\">\n\n<div class=\"wp-block-group\" style=\"padding-top:30px;padding-right:30px;padding-bottom:30px;padding-left:30px\"><div class=\"wp-block-group__inner-container is-layout-flow wp-block-group-is-layout-flow\"><h2 class=\"wp-block-post-title\"><a href=\"https:\/\/www.grundschule-hooksiel.de\/wordpress\/2025\/02\/09\/verkehrserziehung-mit-der-paedagogischen-puppenbuehne-der-polizei\/\" target=\"_self\" >Verkehrserziehung mit der P\u00e4dagogischen Puppenb\u00fchne der Polizei<\/a><\/h2>\n\n<div class=\"wp-block-post-excerpt\"><p class=\"wp-block-post-excerpt__excerpt\">Am 5. und 6. Februar bekam die Grundschule Hooksiel besonderen Besuch: Die P\u00e4dagogische Puppenb\u00fchne der Polizei Wilhelmshaven war zu Gast, um den Kindern auf spielerische Weise wichtige Verkehrsregeln n\u00e4herzubringen. Mit dabei waren die Polizisten Thomas und Bianca, die gemeinsam mit den Kindern das richtige Verhalten im Stra\u00dfenverkehr \u00fcbten \u2013 besonders an Ampeln. Die Vorstellung war&hellip; <\/p><\/div>\n\n<div class=\"wp-block-post-date\"><time datetime=\"2025-02-09T08:58:46+01:00\">9. Februar 2025<\/time><\/div><\/div><\/div>\n\n<\/li><li class=\"wp-block-post post-2219 post type-post status-publish format-standard has-post-thumbnail hentry category-allgemein nodate item-wrap\">\n\n<div class=\"wp-block-group\" style=\"padding-top:30px;padding-right:30px;padding-bottom:30px;padding-left:30px\"><div class=\"wp-block-group__inner-container is-layout-flow wp-block-group-is-layout-flow\"><h2 class=\"wp-block-post-title\"><a href=\"https:\/\/www.grundschule-hooksiel.de\/wordpress\/2025\/01\/28\/plattdeutsch-is-mui\/\" target=\"_self\" >Plattdeutsch is mui<\/a><\/h2>\n\n<div class=\"wp-block-post-excerpt\"><p class=\"wp-block-post-excerpt__excerpt\">Wer diesen Satz versteht &#8211; spricht Plattdeutsch! Die meisten Kinder der Grundschule Hooksiel jedoch k\u00f6nnen diese alte Mundart leider nicht mehr verstehen. Auch ihre Eltern sind in den seltensten F\u00e4llen in der Lage, die alte Mundart frei zu sprechen. Nun gibt es aber in Hooksiel bereits seit 60 Jahren eine Theatergruppe, die dies gern bei&hellip; <\/p><\/div>\n\n<div class=\"wp-block-post-date\"><time datetime=\"2025-01-28T17:34:17+01:00\">28. Januar 2025<\/time><\/div><\/div><\/div>\n\n<\/li><li class=\"wp-block-post post-2210 post type-post status-publish format-standard has-post-thumbnail hentry category-allgemein nodate item-wrap\">\n\n<div class=\"wp-block-group\" style=\"padding-top:30px;padding-right:30px;padding-bottom:30px;padding-left:30px\"><div class=\"wp-block-group__inner-container is-layout-flow wp-block-group-is-layout-flow\"><h2 class=\"wp-block-post-title\"><a href=\"https:\/\/www.grundschule-hooksiel.de\/wordpress\/2025\/01\/06\/wodurch-sich-die-laune-des-wirtes-aenderte\/\" target=\"_self\" >Wodurch sich die Laune des Wirtes \u00e4nderte<\/a><\/h2>\n\n<div class=\"wp-block-post-excerpt\"><p class=\"wp-block-post-excerpt__excerpt\">Nach der gro\u00dfen Pause sah man wieder die etwa 135 Kinder der Grundschule mit Ihren Betreuern durch Hooksiel laufen. Das Ziel war, wie jedes Jahr kurz vor Weihnachten, die katholische Kirche St. Ansgar zu Hooksiel. Erwartet wurden die Kinder dort bereits von unserem evangelischen Pastor aus Pakens und Axel Scholz. Im diesj\u00e4hrigen Weihnachtsgottesdienst erz\u00e4hlte uns&hellip; <\/p><\/div>\n\n<div class=\"wp-block-post-date\"><time datetime=\"2025-01-06T15:30:10+01:00\">6. Januar 2025<\/time><\/div><\/div><\/div>\n\n<\/li><\/ul><\/div>\n","protected":false},"excerpt":{"rendered":"","protected":false},"author":1,"featured_media":0,"parent":0,"menu_order":9,"comment_status":"closed","ping_status":"closed","template":"","meta":{"ngg_post_thumbnail":0,"footnotes":""},"class_list":["post-1819","page","type-page","status-publish","hentry","nodate","item-wrap"],"_links":{"self":[{"href":"https:\/\/www.grundschule-hooksiel.de\/wordpress\/wp-json\/wp\/v2\/pages\/1819","targetHints":{"allow":["GET"]}}],"collection":[{"href":"https:\/\/www.grundschule-hooksiel.de\/wordpress\/wp-json\/wp\/v2\/pages"}],"about":[{"href":"https:\/\/www.grundschule-hooksiel.de\/wordpress\/wp-json\/wp\/v2\/types\/page"}],"author":[{"embeddable":true,"href":"https:\/\/www.grundschule-hooksiel.de\/wordpress\/wp-json\/wp\/v2\/users\/1"}],"replies":[{"embeddable":true,"href":"https:\/\/www.grundschule-hooksiel.de\/wordpress\/wp-json\/wp\/v2\/comments?post=1819"}],"version-history":[{"count":10,"href":"https:\/\/www.grundschule-hooksiel.de\/wordpress\/wp-json\/wp\/v2\/pages\/1819\/revisions"}],"predecessor-version":[{"id":1867,"href":"https:\/\/www.grundschule-hooksiel.de\/wordpress\/wp-json\/wp\/v2\/pages\/1819\/revisions\/1867"}],"wp:attachment":[{"href":"https:\/\/www.grundschule-hooksiel.de\/wordpress\/wp-json\/wp\/v2\/media?parent=1819"}],"curies":[{"name":"wp","href":"https:\/\/api.w.org\/{rel}","templated":true}]}}